{"id":1691,"date":"2025-07-08T08:22:54","date_gmt":"2025-07-08T08:22:54","guid":{"rendered":"https:\/\/informaticabalsi.com\/?page_id=1691"},"modified":"2025-07-09T09:56:11","modified_gmt":"2025-07-09T09:56:11","slug":"politica-privacidad-redes-sociales","status":"publish","type":"page","link":"https:\/\/informaticabalsi.com\/?page_id=1691","title":{"rendered":"POL\u00cdTICA PRIVACIDAD REDES SOCIALES"},"content":{"rendered":"\t\t<div data-elementor-type=\"wp-page\" data-elementor-id=\"1691\" class=\"elementor elementor-1691\">\n\t\t\t\t<div class=\"elementor-element elementor-element-3d7db899 e-flex e-con-boxed e-con e-parent\" data-id=\"3d7db899\" data-element_type=\"container\" data-e-type=\"container\">\n\t\t\t\t\t<div class=\"e-con-inner\">\n\t\t\t\t<div class=\"elementor-element elementor-element-25474f47 elementor-widget elementor-widget-text-editor\" data-id=\"25474f47\" data-element_type=\"widget\" data-e-type=\"widget\" data-widget_type=\"text-editor.default\">\n\t\t\t\t<div class=\"elementor-widget-container\">\n\t\t\t\t\t\t\t\t\t\n<p>\u00a0<\/p>\n\n<p>De conformidad con lo establecido en la normativa vigente y aplicable en Protecci\u00f3n de Datos de Car\u00e1cter Personal, Reglamento 2016\/679 General de Protecci\u00f3n de Datos (RGPD) y la Ley Org\u00e1nica 3\/2018 de 5 de diciembre, de protecci\u00f3n de datos de car\u00e1cter personal y garant\u00eda de los derechos digitales (LOPDGDD), y la Ley 34\/2002, de 11 de julio, de Servicios de la Sociedad de la Informaci\u00f3n y de Comercio Electr\u00f3nico (LSSI-CE), DANIEL BALDOMERO GARC\u00cdA informa a los usuarios, que ha procedido a crear un perfil en las Redes Sociales Facebook, X (Twitter), con la finalidad principal de publicitar sus productos y servicios.<\/p>\n\n<p>Datos de la entidad:<\/p>\n\n<ul class=\"wp-block-list\">\n<li><strong>Denominaci\u00f3n social:<\/strong> DANIEL BALDOMERO GARC\u00cdA<\/li>\n\n<li><strong>Nombre comercial: <\/strong>BALSI<\/li>\n\n<li><strong>C.I.F.:<\/strong> 52592509L<\/li>\n\n<li><strong>Direcci\u00f3n:<\/strong> C\/ FEDERICO MAICAS, N\u00ba 15 B &#8211; 46900 &#8211; TORRENT<\/li>\n\n<li><strong>Tel\u00e9fono:<\/strong> 960880873<\/li>\n\n<li><strong>Correo electr\u00f3nico a efectos de comunicaci\u00f3n:<\/strong> www.informaticabalsi.com<\/li>\n\n<li><strong>Dominio WEB:<\/strong> www.informaticabalsi.com<\/li>\n<\/ul>\n\n<p>El usuario dispone de un perfil en la misma Red Social y ha decidido unirse a la p\u00e1gina creada por DANIEL BALDOMERO GARC\u00cdA mostrando as\u00ed inter\u00e9s en la informaci\u00f3n que se publicite en la Red. Al unirse a nuestra p\u00e1gina, nos facilita su consentimiento para el tratamiento de aquellos datos personales publicados en su perfil.<\/p>\n\n<p>El usuario puede acceder en todo momento a las pol\u00edticas de privacidad de la propia Red Social, as\u00ed como configurar su perfil para garantizar su privacidad.<\/p>\n\n<p>DANIEL BALDOMERO GARC\u00cdA tiene acceso y trata aquella informaci\u00f3n p\u00fablica del usuario, en especial, su nombre de contacto. Estos datos, s\u00f3lo son utilizados dentro de la propia Red Social. No son incorporados a ning\u00fan sistema de tratamiento.<\/p>\n\n<p>En relaci\u00f3n a los derechos de acceso, rectificaci\u00f3n, limitaci\u00f3n de tratamiento, supresi\u00f3n, portabilidad y oposici\u00f3n al tratamiento de sus datos de car\u00e1cter personal de los que usted dispone y que pueden ser ejercitados ante DANIEL BALDOMERO GARC\u00cdA, de acuerdo con la RGPD, debe tener en cuenta los siguientes matices:\u00a0<\/p>\n\n<ul class=\"wp-block-list\">\n<li>Derecho de Acceso: Es el derecho del usuario a obtener informaci\u00f3n sobre sus datos concretos de car\u00e1cter personal y del tratamiento que se haya realizado o realice, as\u00ed como de la informaci\u00f3n disponible sobre el origen de dichos datos y las comunicaciones realizadas o previstas de los mismos.<\/li>\n\n<li>Derecho de Rectificaci\u00f3n: Es el derecho del afectado a que se modifiquen los datos que resulten ser inexactos o incompletos. S\u00f3lo podr\u00e1 satisfacerse en relaci\u00f3n a aquella informaci\u00f3n que se encuentre bajo el control DANIEL BALDOMERO GARC\u00cdA por ejemplo, eliminar comentarios publicados en la propia p\u00e1gina, im\u00e1genes o contenidos web donde consten datos de car\u00e1cter personal del usuario.<\/li>\n\n<li>Derecho a la Limitaci\u00f3n de tratamiento: Es el derecho a que se limiten los fines del tratamiento previstos de forma original por el responsable del tratamiento.<\/li>\n\n<li>Derecho de Supresi\u00f3n: Es el derecho a suprimir los datos de car\u00e1cter personal del usuario, a excepci\u00f3n de lo previsto en el propio RGPD o en otras normativas aplicables que determinen la obligatoriedad de la conservaci\u00f3n de los mismos, en tiempo y forma.<\/li>\n\n<li>Derecho de portabilidad: El derecho a recibir los datos personales que el usuario, haya facilitado, en un formato estructurado, de uso com\u00fan y lectura mec\u00e1nica, y a transmitirlos a otro responsable.<\/li>\n\n<li>Derecho de Oposici\u00f3n: Es el derecho del usuario a que no se lleve a cabo el tratamiento de sus datos de car\u00e1cter personal o se cese el tratamiento de los mismos por parte de DANIEL BALDOMERO GARC\u00cdA<\/li>\n<\/ul>\n\n<p>DANIEL BALDOMERO GARC\u00cdA realizar\u00e1 las siguientes actuaciones:<\/p>\n\n<ul class=\"wp-block-list\">\n<li>Acceso a la informaci\u00f3n p\u00fablica del perfil.\u00a0<\/li>\n\n<li>Publicaci\u00f3n en el perfil del usuario de toda aquella informaci\u00f3n ya publicada en la p\u00e1gina de DANIEL BALDOMERO GARC\u00cdA<\/li>\n\n<li>Enviar mensajes personales e individuales a trav\u00e9s de los canales de la Red Social.<\/li>\n\n<li>Actualizaciones del estado de la p\u00e1gina que se publicar\u00e1n en el perfil del usuario.<\/li>\n<\/ul>\n\n<p>El usuario siempre puede controlar sus conexiones, eliminar los contenidos que dejen de interesarle y restringir con qui\u00e9n comparte sus conexiones, para ello deber\u00e1 acceder a su configuraci\u00f3n de privacidad.\u00a0<\/p>\n\n<p><strong>Publicaciones\u00a0<\/strong><\/p>\n\n<p>El usuario, una vez unido a la p\u00e1gina de DANIEL BALDOMERO GARC\u00cdA podr\u00e1 publicar en \u00e9sta \u00faltima comentarios, enlaces, im\u00e1genes o fotograf\u00edas o cualquier otro tipo de contenido multimedia soportado por la Red Social. El usuario, en todos los casos, debe ser el titular de los mismos, gozar de los derechos de autor y de propiedad intelectual o contar con el consentimiento de los terceros afectados. Se proh\u00edbe expresamente cualquier publicaci\u00f3n en la p\u00e1gina, ya sean textos, gr\u00e1ficos, fotograf\u00edas, v\u00eddeos, etc. que atenten o sean susceptibles de atentar contra la moral, la \u00e9tica, el buen gusto o el decoro, y\/o que infrinjan, violen o quebranten los derechos de propiedad intelectual o industrial, el derecho a la imagen o la Ley. En estos casos, DANIEL BALDOMERO GARC\u00cdA se reserva el derecho a retirar de inmediato el contenido, pudiendo solicitar el bloqueo permanente del usuario.<\/p>\n\n<p>DANIEL BALDOMERO GARC\u00cdA no se har\u00e1 responsable de los contenidos que libremente ha publicado un usuario.<\/p>\n\n<p>El usuario debe tener presente que sus publicaciones ser\u00e1n conocidas por los otros usuarios, por lo que \u00e9l mismo es el principal responsable de su privacidad.<\/p>\n\n<p>Las im\u00e1genes que puedan publicarse en la p\u00e1gina no ser\u00e1n almacenadas en ning\u00fan sistema de tratamiento por parte de DANIEL BALDOMERO GARC\u00cdA, pero s\u00ed que permanecer\u00e1n en la Red Social.<\/p>\n\n<p><strong>Concursos y promociones<\/strong><\/p>\n\n<p>DANIEL BALDOMERO GARC\u00cdA se reserva el derecho a realizar concursos y promociones, en los que podr\u00e1 participar el usuario unido a su p\u00e1gina. Las bases de cada uno de ellos, cuando se utilice para ello la plataforma de la Red Social, ser\u00e1n publicadas en la misma. Cumpliendo siempre con la LSSI-CE y con cualquier otra norma que le sea de aplicaci\u00f3n.<\/p>\n\n<p>La Red Social no patrocina, avala ni administra, de modo alguno, ninguna de nuestras promociones, ni est\u00e1 asociada a ninguna de ellas.<\/p>\n\n<p><strong>Publicidad<\/strong><\/p>\n\n<p>DANIEL BALDOMERO GARC\u00cdA utilizar\u00e1 la Red Social para publicitar sus productos y servicios, en todo caso, si decide tratar sus datos de contacto para realizar acciones directas de prospecci\u00f3n comercial, ser\u00e1 siempre, cumpliendo con las exigencias legales de la RGPD y de la LSSI-CE.<\/p>\n\n<p>No se considerar\u00e1 publicidad el hecho de recomendar a otros usuarios la p\u00e1gina de DANIEL BALDOMERO GARC\u00cdA para que tambi\u00e9n ellos puedan disfrutar de las promociones o estar informados de su actividad.<\/p>\n\n<p>A continuaci\u00f3n, detallamos el enlace a la pol\u00edtica de privacidad de la Red Social:<\/p>\n\n<p>X (Twitter): <a href=\"https:\/\/www.x.com\/privacy\"><u>https:\/\/www.x.com\/privacy<\/u><\/a><\/p>\n\n<p>Facebook: <a href=\"https:\/\/es-es.facebook.com\/privacy\/explanation\"><u>https:\/\/es-es.facebook.com\/privacy\/explanation<\/u><\/a><\/p>\n\t\t\t\t\t\t\t\t<\/div>\n\t\t\t\t<\/div>\n\t\t\t\t\t<\/div>\n\t\t\t\t<\/div>\n\t\t\t\t<\/div>\n\t\t","protected":false},"excerpt":{"rendered":"<p>\u00a0 De conformidad con lo establecido en la normativa vigente y aplicable en Protecci\u00f3n de Datos de Car\u00e1cter Personal, Reglamento 2016\/679 General de Protecci\u00f3n de Datos (RGPD) y la Ley Org\u00e1nica 3\/2018 de 5 de diciembre, de protecci\u00f3n de datos de car\u00e1cter personal y garant\u00eda de los derechos digitales (LOPDGDD), y la Ley 34\/2002, de [&hellip;]<\/p>\n","protected":false},"author":21,"featured_media":0,"parent":0,"menu_order":0,"comment_status":"closed","ping_status":"closed","template":"","meta":{"footnotes":""},"class_list":["post-1691","page","type-page","status-publish","hentry"],"blocksy_meta":[],"yoast_head":"<!-- This site is optimized with the Yoast SEO plugin v27.4 - https:\/\/yoast.com\/product\/yoast-seo-wordpress\/ -->\n<title>POL\u00cdTICA PRIVACIDAD REDES SOCIALES - Tienda<\/title>\n<meta name=\"robots\" content=\"index, follow, max-snippet:-1, max-image-preview:large, max-video-preview:-1\" \/>\n<link rel=\"canonical\" href=\"https:\/\/informaticabalsi.com\/?page_id=1691\" \/>\n<meta property=\"og:locale\" content=\"es_ES\" \/>\n<meta property=\"og:type\" content=\"article\" \/>\n<meta property=\"og:title\" content=\"POL\u00cdTICA PRIVACIDAD REDES SOCIALES - Tienda\" \/>\n<meta property=\"og:description\" content=\"\u00a0 De conformidad con lo establecido en la normativa vigente y aplicable en Protecci\u00f3n de Datos de Car\u00e1cter Personal, Reglamento 2016\/679 General de Protecci\u00f3n de Datos (RGPD) y la Ley Org\u00e1nica 3\/2018 de 5 de diciembre, de protecci\u00f3n de datos de car\u00e1cter personal y garant\u00eda de los derechos digitales (LOPDGDD), y la Ley 34\/2002, de [&hellip;]\" \/>\n<meta property=\"og:url\" content=\"https:\/\/informaticabalsi.com\/?page_id=1691\" \/>\n<meta property=\"og:site_name\" content=\"Tienda\" \/>\n<meta property=\"article:modified_time\" content=\"2025-07-09T09:56:11+00:00\" \/>\n<meta name=\"twitter:card\" content=\"summary_large_image\" \/>\n<meta name=\"twitter:label1\" content=\"Tiempo de lectura\" \/>\n\t<meta name=\"twitter:data1\" content=\"5 minutos\" \/>\n<script type=\"application\/ld+json\" class=\"yoast-schema-graph\">{\"@context\":\"https:\\\/\\\/schema.org\",\"@graph\":[{\"@type\":\"WebPage\",\"@id\":\"https:\\\/\\\/informaticabalsi.com\\\/?page_id=1691\",\"url\":\"https:\\\/\\\/informaticabalsi.com\\\/?page_id=1691\",\"name\":\"POL\u00cdTICA PRIVACIDAD REDES SOCIALES - Tienda\",\"isPartOf\":{\"@id\":\"https:\\\/\\\/informaticabalsi.com\\\/#website\"},\"datePublished\":\"2025-07-08T08:22:54+00:00\",\"dateModified\":\"2025-07-09T09:56:11+00:00\",\"breadcrumb\":{\"@id\":\"https:\\\/\\\/informaticabalsi.com\\\/?page_id=1691#breadcrumb\"},\"inLanguage\":\"es\",\"potentialAction\":[{\"@type\":\"ReadAction\",\"target\":[\"https:\\\/\\\/informaticabalsi.com\\\/?page_id=1691\"]}]},{\"@type\":\"BreadcrumbList\",\"@id\":\"https:\\\/\\\/informaticabalsi.com\\\/?page_id=1691#breadcrumb\",\"itemListElement\":[{\"@type\":\"ListItem\",\"position\":1,\"name\":\"Portada\",\"item\":\"https:\\\/\\\/informaticabalsi.com\\\/\"},{\"@type\":\"ListItem\",\"position\":2,\"name\":\"POL\u00cdTICA PRIVACIDAD REDES SOCIALES\"}]},{\"@type\":\"WebSite\",\"@id\":\"https:\\\/\\\/informaticabalsi.com\\\/#website\",\"url\":\"https:\\\/\\\/informaticabalsi.com\\\/\",\"name\":\"Tienda\",\"description\":\"\",\"publisher\":{\"@id\":\"https:\\\/\\\/informaticabalsi.com\\\/#organization\"},\"potentialAction\":[{\"@type\":\"SearchAction\",\"target\":{\"@type\":\"EntryPoint\",\"urlTemplate\":\"https:\\\/\\\/informaticabalsi.com\\\/?s={search_term_string}\"},\"query-input\":{\"@type\":\"PropertyValueSpecification\",\"valueRequired\":true,\"valueName\":\"search_term_string\"}}],\"inLanguage\":\"es\"},{\"@type\":\"Organization\",\"@id\":\"https:\\\/\\\/informaticabalsi.com\\\/#organization\",\"name\":\"Tienda\",\"url\":\"https:\\\/\\\/informaticabalsi.com\\\/\",\"logo\":{\"@type\":\"ImageObject\",\"inLanguage\":\"es\",\"@id\":\"https:\\\/\\\/informaticabalsi.com\\\/#\\\/schema\\\/logo\\\/image\\\/\",\"url\":\"https:\\\/\\\/informaticabalsi.com\\\/wp-content\\\/uploads\\\/2025\\\/06\\\/Logo-nuevo-PNG.png\",\"contentUrl\":\"https:\\\/\\\/informaticabalsi.com\\\/wp-content\\\/uploads\\\/2025\\\/06\\\/Logo-nuevo-PNG.png\",\"width\":1006,\"height\":327,\"caption\":\"Tienda\"},\"image\":{\"@id\":\"https:\\\/\\\/informaticabalsi.com\\\/#\\\/schema\\\/logo\\\/image\\\/\"}}]}<\/script>\n<!-- \/ Yoast SEO plugin. -->","yoast_head_json":{"title":"POL\u00cdTICA PRIVACIDAD REDES SOCIALES - Tienda","robots":{"index":"index","follow":"follow","max-snippet":"max-snippet:-1","max-image-preview":"max-image-preview:large","max-video-preview":"max-video-preview:-1"},"canonical":"https:\/\/informaticabalsi.com\/?page_id=1691","og_locale":"es_ES","og_type":"article","og_title":"POL\u00cdTICA PRIVACIDAD REDES SOCIALES - Tienda","og_description":"\u00a0 De conformidad con lo establecido en la normativa vigente y aplicable en Protecci\u00f3n de Datos de Car\u00e1cter Personal, Reglamento 2016\/679 General de Protecci\u00f3n de Datos (RGPD) y la Ley Org\u00e1nica 3\/2018 de 5 de diciembre, de protecci\u00f3n de datos de car\u00e1cter personal y garant\u00eda de los derechos digitales (LOPDGDD), y la Ley 34\/2002, de [&hellip;]","og_url":"https:\/\/informaticabalsi.com\/?page_id=1691","og_site_name":"Tienda","article_modified_time":"2025-07-09T09:56:11+00:00","twitter_card":"summary_large_image","twitter_misc":{"Tiempo de lectura":"5 minutos"},"schema":{"@context":"https:\/\/schema.org","@graph":[{"@type":"WebPage","@id":"https:\/\/informaticabalsi.com\/?page_id=1691","url":"https:\/\/informaticabalsi.com\/?page_id=1691","name":"POL\u00cdTICA PRIVACIDAD REDES SOCIALES - Tienda","isPartOf":{"@id":"https:\/\/informaticabalsi.com\/#website"},"datePublished":"2025-07-08T08:22:54+00:00","dateModified":"2025-07-09T09:56:11+00:00","breadcrumb":{"@id":"https:\/\/informaticabalsi.com\/?page_id=1691#breadcrumb"},"inLanguage":"es","potentialAction":[{"@type":"ReadAction","target":["https:\/\/informaticabalsi.com\/?page_id=1691"]}]},{"@type":"BreadcrumbList","@id":"https:\/\/informaticabalsi.com\/?page_id=1691#breadcrumb","itemListElement":[{"@type":"ListItem","position":1,"name":"Portada","item":"https:\/\/informaticabalsi.com\/"},{"@type":"ListItem","position":2,"name":"POL\u00cdTICA PRIVACIDAD REDES SOCIALES"}]},{"@type":"WebSite","@id":"https:\/\/informaticabalsi.com\/#website","url":"https:\/\/informaticabalsi.com\/","name":"Tienda","description":"","publisher":{"@id":"https:\/\/informaticabalsi.com\/#organization"},"potentialAction":[{"@type":"SearchAction","target":{"@type":"EntryPoint","urlTemplate":"https:\/\/informaticabalsi.com\/?s={search_term_string}"},"query-input":{"@type":"PropertyValueSpecification","valueRequired":true,"valueName":"search_term_string"}}],"inLanguage":"es"},{"@type":"Organization","@id":"https:\/\/informaticabalsi.com\/#organization","name":"Tienda","url":"https:\/\/informaticabalsi.com\/","logo":{"@type":"ImageObject","inLanguage":"es","@id":"https:\/\/informaticabalsi.com\/#\/schema\/logo\/image\/","url":"https:\/\/informaticabalsi.com\/wp-content\/uploads\/2025\/06\/Logo-nuevo-PNG.png","contentUrl":"https:\/\/informaticabalsi.com\/wp-content\/uploads\/2025\/06\/Logo-nuevo-PNG.png","width":1006,"height":327,"caption":"Tienda"},"image":{"@id":"https:\/\/informaticabalsi.com\/#\/schema\/logo\/image\/"}}]}},"jetpack_sharing_enabled":true,"_links":{"self":[{"href":"https:\/\/informaticabalsi.com\/index.php?rest_route=\/wp\/v2\/pages\/1691","targetHints":{"allow":["GET"]}}],"collection":[{"href":"https:\/\/informaticabalsi.com\/index.php?rest_route=\/wp\/v2\/pages"}],"about":[{"href":"https:\/\/informaticabalsi.com\/index.php?rest_route=\/wp\/v2\/types\/page"}],"author":[{"embeddable":true,"href":"https:\/\/informaticabalsi.com\/index.php?rest_route=\/wp\/v2\/users\/21"}],"replies":[{"embeddable":true,"href":"https:\/\/informaticabalsi.com\/index.php?rest_route=%2Fwp%2Fv2%2Fcomments&post=1691"}],"version-history":[{"count":4,"href":"https:\/\/informaticabalsi.com\/index.php?rest_route=\/wp\/v2\/pages\/1691\/revisions"}],"predecessor-version":[{"id":1748,"href":"https:\/\/informaticabalsi.com\/index.php?rest_route=\/wp\/v2\/pages\/1691\/revisions\/1748"}],"wp:attachment":[{"href":"https:\/\/informaticabalsi.com\/index.php?rest_route=%2Fwp%2Fv2%2Fmedia&parent=1691"}],"curies":[{"name":"wp","href":"https:\/\/api.w.org\/{rel}","templated":true}]}}